{"id":4313,"date":"2023-06-15T14:51:10","date_gmt":"2023-06-15T12:51:10","guid":{"rendered":"https:\/\/ares-formation.com\/?page_id=4313"},"modified":"2024-09-10T14:03:25","modified_gmt":"2024-09-10T12:03:25","slug":"qui-suis-je","status":"publish","type":"page","link":"https:\/\/ares-formation.com\/index.php\/qui-suis-je\/","title":{"rendered":"Qui suis-je ?"},"content":{"rendered":"\t\t<div data-elementor-type=\"wp-page\" data-elementor-id=\"4313\" class=\"elementor elementor-4313\" data-elementor-post-type=\"page\">\n\t\t\t\t\t\t<section class=\"elementor-section elementor-top-section elementor-element elementor-element-63dee3d5 elementor-section-content-middle elementor-reverse-mobile elementor-section-boxed elementor-section-height-default elementor-section-height-default\" data-id=\"63dee3d5\" data-element_type=\"section\" data-e-type=\"section\">\n\t\t\t\t\t\t<div class=\"elementor-container elementor-column-gap-no\">\n\t\t\t\t\t<div class=\"elementor-column elementor-col-50 elementor-top-column elementor-element elementor-element-2fda35a5\" data-id=\"2fda35a5\" data-element_type=\"column\" data-e-type=\"column\">\n\t\t\t<div class=\"elementor-widget-wrap elementor-element-populated\">\n\t\t\t\t\t\t<div class=\"elementor-element elementor-element-75a93c3d elementor-widget elementor-widget-heading\" data-id=\"75a93c3d\" data-element_type=\"widget\" data-e-type=\"widget\" data-widget_type=\"heading.default\">\n\t\t\t\t<div class=\"elementor-widget-container\">\n\t\t\t\t\t<h4 class=\"elementor-heading-title elementor-size-default\">Qui suis-je ?<\/h4>\t\t\t\t<\/div>\n\t\t\t\t<\/div>\n\t\t\t\t<div class=\"elementor-element elementor-element-6ad32fc6 elementor-widget elementor-widget-text-editor\" data-id=\"6ad32fc6\" data-element_type=\"widget\" data-e-type=\"widget\" data-widget_type=\"text-editor.default\">\n\t\t\t\t<div class=\"elementor-widget-container\">\n\t\t\t\t\t\t\t\t\t<p>Expert-comptable \/ commissaire aux comptes dipl\u00f4m\u00e9e, je dirige d\u00e9sormais le cabinet AR\u00c8S CONSEIL (cabinet sp\u00e9cialis\u00e9 en \u00e9valuation d\u2019entreprise et conseils aux dirigeants) aux c\u00f4t\u00e9s de Rodolphe Rivayran \u00e9galement dipl\u00f4m\u00e9 d&rsquo;expertise-comptable.<\/p>\n<p>Ancienne auditrice financi\u00e8re et l\u00e9gale dans un cabinet r\u00e9gional j&rsquo;ai enseign\u00e9 le commissariat aux comptes et l\u2019audit (DSCG) en \u00e9cole de commerce au sein de Toulouse Business School.<\/p>\n<p>J\u2019accompagne les experts-comptables m\u00e9morialistes dans l\u2019obtention de leur dipl\u00f4me du DEC, ayant moi m\u00eame \u00e9t\u00e9 dipl\u00f4m\u00e9e \u00e0 27 ans avec la note de 15\/20 pour mon m\u00e9moire sur l\u2019audit ESG des PME industrielles pour le compte des soci\u00e9t\u00e9s de private equity (publi\u00e9 sur Bibliobase).<\/p>\n<p>Cette plateforme de coaching DEC a pour but de faire b\u00e9n\u00e9ficier \u00e0 un maximum de m\u00e9morialistes de mon accompagnement et de ma m\u00e9thodologie.<\/p>\t\t\t\t\t\t\t\t<\/div>\n\t\t\t\t<\/div>\n\t\t\t\t<div class=\"elementor-element elementor-element-60745b6a elementor-mobile-align-center e-transform elementor-widget elementor-widget-button\" data-id=\"60745b6a\" data-element_type=\"widget\" data-e-type=\"widget\" data-settings=\"{&quot;_transform_translateY_effect_mobile&quot;:{&quot;unit&quot;:&quot;px&quot;,&quot;size&quot;:30,&quot;sizes&quot;:[]},&quot;_transform_translateX_effect&quot;:{&quot;unit&quot;:&quot;px&quot;,&quot;size&quot;:&quot;&quot;,&quot;sizes&quot;:[]},&quot;_transform_translateX_effect_tablet&quot;:{&quot;unit&quot;:&quot;px&quot;,&quot;size&quot;:&quot;&quot;,&quot;sizes&quot;:[]},&quot;_transform_translateX_effect_mobile&quot;:{&quot;unit&quot;:&quot;px&quot;,&quot;size&quot;:&quot;&quot;,&quot;sizes&quot;:[]},&quot;_transform_translateY_effect&quot;:{&quot;unit&quot;:&quot;px&quot;,&quot;size&quot;:&quot;&quot;,&quot;sizes&quot;:[]},&quot;_transform_translateY_effect_tablet&quot;:{&quot;unit&quot;:&quot;px&quot;,&quot;size&quot;:&quot;&quot;,&quot;sizes&quot;:[]}}\" data-widget_type=\"button.default\">\n\t\t\t\t<div class=\"elementor-widget-container\">\n\t\t\t\t\t\t\t\t\t<div class=\"elementor-button-wrapper\">\n\t\t\t\t\t<a class=\"elementor-button elementor-button-link elementor-size-sm\" href=\"https:\/\/www.linkedin.com\/in\/laure-froidefond-526315b3\/\">\n\t\t\t\t\t\t<span class=\"elementor-button-content-wrapper\">\n\t\t\t\t\t\t\t\t\t<span class=\"elementor-button-text\">Me suivre sur LinkedIn<\/span>\n\t\t\t\t\t<\/span>\n\t\t\t\t\t<\/a>\n\t\t\t\t<\/div>\n\t\t\t\t\t\t\t\t<\/div>\n\t\t\t\t<\/div>\n\t\t\t\t\t<\/div>\n\t\t<\/div>\n\t\t\t\t<div class=\"elementor-column elementor-col-50 elementor-top-column elementor-element elementor-element-4c245455\" data-id=\"4c245455\" data-element_type=\"column\" data-e-type=\"column\">\n\t\t\t<div class=\"elementor-widget-wrap elementor-element-populated\">\n\t\t\t\t\t\t<div class=\"elementor-element elementor-element-76a44b3b elementor-widget elementor-widget-image\" data-id=\"76a44b3b\" data-element_type=\"widget\" data-e-type=\"widget\" data-widget_type=\"image.default\">\n\t\t\t\t<div class=\"elementor-widget-container\">\n\t\t\t\t\t\t\t\t\t\t\t\t\t\t\t<img fetchpriority=\"high\" decoding=\"async\" width=\"1414\" height=\"1683\" src=\"https:\/\/i0.wp.com\/ares-formation.com\/wp-content\/uploads\/2023\/05\/photo-accueil-zoomee.png?fit=1414%2C1683&amp;ssl=1\" class=\"attachment-full size-full wp-image-2781\" alt=\"\" srcset=\"https:\/\/i0.wp.com\/ares-formation.com\/wp-content\/uploads\/2023\/05\/photo-accueil-zoomee.png?w=1414&amp;ssl=1 1414w, https:\/\/i0.wp.com\/ares-formation.com\/wp-content\/uploads\/2023\/05\/photo-accueil-zoomee.png?resize=252%2C300&amp;ssl=1 252w, https:\/\/i0.wp.com\/ares-formation.com\/wp-content\/uploads\/2023\/05\/photo-accueil-zoomee.png?resize=860%2C1024&amp;ssl=1 860w, https:\/\/i0.wp.com\/ares-formation.com\/wp-content\/uploads\/2023\/05\/photo-accueil-zoomee.png?resize=768%2C914&amp;ssl=1 768w, https:\/\/i0.wp.com\/ares-formation.com\/wp-content\/uploads\/2023\/05\/photo-accueil-zoomee.png?resize=1290%2C1536&amp;ssl=1 1290w, https:\/\/i0.wp.com\/ares-formation.com\/wp-content\/uploads\/2023\/05\/photo-accueil-zoomee.png?resize=97%2C116&amp;ssl=1 97w\" sizes=\"(max-width: 1140px) 100vw, 1140px\" \/>\t\t\t\t\t\t\t\t\t\t\t\t\t\t\t<\/div>\n\t\t\t\t<\/div>\n\t\t\t\t\t<\/div>\n\t\t<\/div>\n\t\t\t\t\t<\/div>\n\t\t<\/section>\n\t\t\t\t<section class=\"elementor-section elementor-top-section elementor-element elementor-element-8709455 elementor-section-boxed elementor-section-height-default elementor-section-height-default\" data-id=\"8709455\" data-element_type=\"section\" data-e-type=\"section\">\n\t\t\t\t\t\t<div class=\"elementor-container elementor-column-gap-default\">\n\t\t\t\t\t<div class=\"elementor-column elementor-col-33 elementor-top-column elementor-element elementor-element-1fc5998\" data-id=\"1fc5998\" data-element_type=\"column\" data-e-type=\"column\">\n\t\t\t<div class=\"elementor-widget-wrap elementor-element-populated\">\n\t\t\t\t\t\t<div class=\"elementor-element elementor-element-35f687b elementor-widget elementor-widget-video\" data-id=\"35f687b\" data-element_type=\"widget\" data-e-type=\"widget\" data-settings=\"{&quot;youtube_url&quot;:&quot;https:\\\/\\\/www.youtube.com\\\/watch?v=Upqpm-PJXI0&amp;t=11s&quot;,&quot;video_type&quot;:&quot;youtube&quot;,&quot;controls&quot;:&quot;yes&quot;}\" data-widget_type=\"video.default\">\n\t\t\t\t<div class=\"elementor-widget-container\">\n\t\t\t\t\t\t\t<div class=\"elementor-wrapper elementor-open-inline\">\n\t\t\t<div class=\"elementor-video\"><\/div>\t\t<\/div>\n\t\t\t\t\t\t<\/div>\n\t\t\t\t<\/div>\n\t\t\t\t<div class=\"elementor-element elementor-element-7e98b5a elementor-widget elementor-widget-text-editor\" data-id=\"7e98b5a\" data-element_type=\"widget\" data-e-type=\"widget\" data-widget_type=\"text-editor.default\">\n\t\t\t\t<div class=\"elementor-widget-container\">\n\t\t\t\t\t\t\t\t\t<p style=\"text-align: center;\">Retrouve moi au micro de Julie Laniaud dans son podcast Voies de Comptables (\u00e9pisode 33).<\/p><p style=\"text-align: center;\">Date : 08-2022<\/p>\t\t\t\t\t\t\t\t<\/div>\n\t\t\t\t<\/div>\n\t\t\t\t\t<\/div>\n\t\t<\/div>\n\t\t\t\t<div class=\"elementor-column elementor-col-33 elementor-top-column elementor-element elementor-element-74de9b9\" data-id=\"74de9b9\" data-element_type=\"column\" data-e-type=\"column\">\n\t\t\t<div class=\"elementor-widget-wrap elementor-element-populated\">\n\t\t\t\t\t\t<div class=\"elementor-element elementor-element-075bec3 elementor-widget elementor-widget-video\" data-id=\"075bec3\" data-element_type=\"widget\" data-e-type=\"widget\" data-settings=\"{&quot;youtube_url&quot;:&quot;https:\\\/\\\/www.youtube.com\\\/watch?v=SiPU9eYmq4w&quot;,&quot;video_type&quot;:&quot;youtube&quot;,&quot;controls&quot;:&quot;yes&quot;}\" data-widget_type=\"video.default\">\n\t\t\t\t<div class=\"elementor-widget-container\">\n\t\t\t\t\t\t\t<div class=\"elementor-wrapper elementor-open-inline\">\n\t\t\t<div class=\"elementor-video\"><\/div>\t\t<\/div>\n\t\t\t\t\t\t<\/div>\n\t\t\t\t<\/div>\n\t\t\t\t<div class=\"elementor-element elementor-element-1caad5e elementor-widget elementor-widget-text-editor\" data-id=\"1caad5e\" data-element_type=\"widget\" data-e-type=\"widget\" data-widget_type=\"text-editor.default\">\n\t\t\t\t<div class=\"elementor-widget-container\">\n\t\t\t\t\t\t\t\t\t<p style=\"text-align: center;\">Retrouve moi au micro de Julie Laniaud dans son podcast Voies de Comptables (\u00e9pisode 34).<\/p><p style=\"text-align: center;\">Date : 08-2022<\/p>\t\t\t\t\t\t\t\t<\/div>\n\t\t\t\t<\/div>\n\t\t\t\t\t<\/div>\n\t\t<\/div>\n\t\t\t\t<div class=\"elementor-column elementor-col-33 elementor-top-column elementor-element elementor-element-36e605c\" data-id=\"36e605c\" data-element_type=\"column\" data-e-type=\"column\">\n\t\t\t<div class=\"elementor-widget-wrap elementor-element-populated\">\n\t\t\t\t\t\t<div class=\"elementor-element elementor-element-64ac579 elementor-widget elementor-widget-video\" data-id=\"64ac579\" data-element_type=\"widget\" data-e-type=\"widget\" data-settings=\"{&quot;video_type&quot;:&quot;hosted&quot;,&quot;controls&quot;:&quot;yes&quot;}\" data-widget_type=\"video.default\">\n\t\t\t\t<div class=\"elementor-widget-container\">\n\t\t\t\t\t\t\t<div class=\"e-hosted-video elementor-wrapper elementor-open-inline\">\n\t\t\t\t\t<video class=\"elementor-video\" src=\"https:\/\/videos.files.wordpress.com\/x5shhy8p\/fast-and-curious-laure.mp4\" controls=\"\" preload=\"metadata\" controlsList=\"nodownload\" poster=\"https:\/\/ares-formation.com\/wp-content\/uploads\/2024\/09\/Fast-and-curious.png\"><\/video>\n\t\t\t\t<\/div>\n\t\t\t\t\t\t<\/div>\n\t\t\t\t<\/div>\n\t\t\t\t<div class=\"elementor-element elementor-element-cc5976d elementor-widget elementor-widget-text-editor\" data-id=\"cc5976d\" data-element_type=\"widget\" data-e-type=\"widget\" data-widget_type=\"text-editor.default\">\n\t\t\t\t<div class=\"elementor-widget-container\">\n\t\t\t\t\t\t\t\t\t<p style=\"text-align: center;\">Retrouve moi au micro de RH\u00e9active pour un Fast and Curious sp\u00e9cial DEC !<\/p><p style=\"text-align: center;\">Date : 07-2024<\/p>\t\t\t\t\t\t\t\t<\/div>\n\t\t\t\t<\/div>\n\t\t\t\t\t<\/div>\n\t\t<\/div>\n\t\t\t\t\t<\/div>\n\t\t<\/section>\n\t\t\t\t<section class=\"elementor-section elementor-top-section elementor-element elementor-element-83e28c4 elementor-section-boxed elementor-section-height-default elementor-section-height-default\" data-id=\"83e28c4\" data-element_type=\"section\" data-e-type=\"section\">\n\t\t\t\t\t\t<div class=\"elementor-container elementor-column-gap-default\">\n\t\t\t\t\t<div class=\"elementor-column elementor-col-33 elementor-top-column elementor-element elementor-element-a640fae\" data-id=\"a640fae\" data-element_type=\"column\" data-e-type=\"column\">\n\t\t\t<div class=\"elementor-widget-wrap elementor-element-populated\">\n\t\t\t\t\t\t\t<\/div>\n\t\t<\/div>\n\t\t\t\t<div class=\"elementor-column elementor-col-33 elementor-top-column elementor-element elementor-element-bffc3fd\" data-id=\"bffc3fd\" data-element_type=\"column\" data-e-type=\"column\">\n\t\t\t<div class=\"elementor-widget-wrap elementor-element-populated\">\n\t\t\t\t\t\t<div class=\"elementor-element elementor-element-c169544 elementor-widget__width-initial e-transform elementor-position-top elementor-widget elementor-widget-image-box\" data-id=\"c169544\" data-element_type=\"widget\" data-e-type=\"widget\" data-settings=\"{&quot;_transform_scale_effect&quot;:{&quot;unit&quot;:&quot;px&quot;,&quot;size&quot;:&quot;&quot;,&quot;sizes&quot;:[]},&quot;_transform_scale_effect_tablet&quot;:{&quot;unit&quot;:&quot;px&quot;,&quot;size&quot;:&quot;&quot;,&quot;sizes&quot;:[]},&quot;_transform_scale_effect_mobile&quot;:{&quot;unit&quot;:&quot;px&quot;,&quot;size&quot;:&quot;&quot;,&quot;sizes&quot;:[]}}\" data-widget_type=\"image-box.default\">\n\t\t\t\t<div class=\"elementor-widget-container\">\n\t\t\t\t\t<div class=\"elementor-image-box-wrapper\"><figure class=\"elementor-image-box-img\"><a href=\"https:\/\/podcast.ausha.co\/les-geeks-des-chiffres\/77-le-calvaire-du-memoire-dec-pourquoi-elle-quitte-l-expertise-comptable-entreprendre-en-etant-maman-laure\" tabindex=\"-1\"><img decoding=\"async\" width=\"258\" height=\"256\" src=\"https:\/\/i0.wp.com\/ares-formation.com\/wp-content\/uploads\/2024\/09\/Coonter.png?fit=258%2C256&amp;ssl=1\" class=\"attachment-full size-full wp-image-5305\" alt=\"\" srcset=\"https:\/\/i0.wp.com\/ares-formation.com\/wp-content\/uploads\/2024\/09\/Coonter.png?w=258&amp;ssl=1 258w, https:\/\/i0.wp.com\/ares-formation.com\/wp-content\/uploads\/2024\/09\/Coonter.png?resize=150%2C150&amp;ssl=1 150w\" sizes=\"(max-width: 258px) 100vw, 258px\" \/><\/a><\/figure><div class=\"elementor-image-box-content\"><p class=\"elementor-image-box-description\">Retrouve moi au micro de Nicolas Piatkowski et son podcast Coonter (ex Les Geeks des Chiffres) : Le calvaire du M\u00e9moire DEC. Pourquoi elle quitte l'expertise-comptable ? Entreprendre en \u00e9tant maman. <br>Date : 09-2023<\/p><\/div><\/div>\t\t\t\t<\/div>\n\t\t\t\t<\/div>\n\t\t\t\t\t<\/div>\n\t\t<\/div>\n\t\t\t\t<div class=\"elementor-column elementor-col-33 elementor-top-column elementor-element elementor-element-d70a811\" data-id=\"d70a811\" data-element_type=\"column\" data-e-type=\"column\">\n\t\t\t<div class=\"elementor-widget-wrap elementor-element-populated\">\n\t\t\t\t\t\t\t<\/div>\n\t\t<\/div>\n\t\t\t\t\t<\/div>\n\t\t<\/section>\n\t\t\t\t<footer class=\"elementor-section elementor-top-section elementor-element elementor-element-721a5392 elementor-section-height-min-height elementor-section-content-middle elementor-section-full_width elementor-section-height-default elementor-section-items-middle\" data-id=\"721a5392\" data-element_type=\"section\" data-e-type=\"section\" data-settings=\"{&quot;background_background&quot;:&quot;classic&quot;}\">\n\t\t\t\t\t\t<div class=\"elementor-container elementor-column-gap-no\">\n\t\t\t\t\t<div class=\"elementor-column elementor-col-100 elementor-top-column elementor-element elementor-element-36666696\" data-id=\"36666696\" data-element_type=\"column\" data-e-type=\"column\">\n\t\t\t<div class=\"elementor-widget-wrap elementor-element-populated\">\n\t\t\t\t\t\t<div class=\"elementor-element elementor-element-284c2f61 elementor-widget elementor-widget-heading\" data-id=\"284c2f61\" data-element_type=\"widget\" data-e-type=\"widget\" data-widget_type=\"heading.default\">\n\t\t\t\t<div class=\"elementor-widget-container\">\n\t\t\t\t\t<p class=\"elementor-heading-title elementor-size-default\">\u00a9 2026 All Rights Reserved.<\/p>\t\t\t\t<\/div>\n\t\t\t\t<\/div>\n\t\t\t\t\t<\/div>\n\t\t<\/div>\n\t\t\t\t\t<\/div>\n\t\t<\/footer>\n\t\t\t\t<\/div>\n\t\t","protected":false},"excerpt":{"rendered":"<p>Qui suis-je ? Expert-comptable \/ commissaire aux comptes dipl\u00f4m\u00e9e, je dirige d\u00e9sormais le cabinet AR\u00c8S CONSEIL (cabinet sp\u00e9cialis\u00e9 en \u00e9valuation d\u2019entreprise et conseils aux dirigeants) aux c\u00f4t\u00e9s de Rodolphe Rivayran \u00e9galement dipl\u00f4m\u00e9 d&rsquo;expertise-comptable. Ancienne auditrice financi\u00e8re et l\u00e9gale dans un cabinet r\u00e9gional j&rsquo;ai enseign\u00e9 le commissariat aux comptes et l\u2019audit (DSCG) en \u00e9cole de commerce<\/p>\n<div><a class=\"btn-filled btn\" href=\"https:\/\/ares-formation.com\/index.php\/qui-suis-je\/\" title=\"Qui suis-je ?\">Lire la suite<\/a><\/div>\n","protected":false},"author":1,"featured_media":0,"parent":0,"menu_order":0,"comment_status":"closed","ping_status":"closed","template":"","meta":{"_mi_skip_tracking":false,"_monsterinsights_sitenote_active":false,"_monsterinsights_sitenote_note":"","_monsterinsights_sitenote_category":0,"footnotes":""},"class_list":["post-4313","page","type-page","status-publish","hentry"],"yoast_head":"<!-- This site is optimized with the Yoast SEO plugin v27.4 - https:\/\/yoast.com\/product\/yoast-seo-wordpress\/ -->\n<title>Qui suis-je ? - AR\u00c8S FORMATION<\/title>\n<meta name=\"robots\" content=\"index, follow, max-snippet:-1, max-image-preview:large, max-video-preview:-1\" \/>\n<link rel=\"canonical\" href=\"https:\/\/ares-formation.com\/index.php\/qui-suis-je\/\" \/>\n<meta property=\"og:locale\" content=\"fr_FR\" \/>\n<meta property=\"og:type\" content=\"article\" \/>\n<meta property=\"og:title\" content=\"Qui suis-je ? - AR\u00c8S FORMATION\" \/>\n<meta property=\"og:description\" content=\"Qui suis-je ? Expert-comptable \/ commissaire aux comptes dipl\u00f4m\u00e9e, je dirige d\u00e9sormais le cabinet AR\u00c8S CONSEIL (cabinet sp\u00e9cialis\u00e9 en \u00e9valuation d\u2019entreprise et conseils aux dirigeants) aux c\u00f4t\u00e9s de Rodolphe Rivayran \u00e9galement dipl\u00f4m\u00e9 d&rsquo;expertise-comptable. Ancienne auditrice financi\u00e8re et l\u00e9gale dans un cabinet r\u00e9gional j&rsquo;ai enseign\u00e9 le commissariat aux comptes et l\u2019audit (DSCG) en \u00e9cole de commerceLire la suite\" \/>\n<meta property=\"og:url\" content=\"https:\/\/ares-formation.com\/index.php\/qui-suis-je\/\" \/>\n<meta property=\"og:site_name\" content=\"AR\u00c8S FORMATION\" \/>\n<meta property=\"article:publisher\" content=\"https:\/\/www.facebook.com\/ARS-Formation-120328344395623\" \/>\n<meta property=\"article:modified_time\" content=\"2024-09-10T12:03:25+00:00\" \/>\n<meta property=\"og:image\" content=\"https:\/\/ares-formation.com\/wp-content\/uploads\/2023\/05\/photo-accueil-zoomee.png\" \/>\n<meta name=\"twitter:card\" content=\"summary_large_image\" \/>\n<meta name=\"twitter:label1\" content=\"Dur\u00e9e de lecture estim\u00e9e\" \/>\n\t<meta name=\"twitter:data1\" content=\"2 minutes\" \/>\n<script type=\"application\/ld+json\" class=\"yoast-schema-graph\">{\"@context\":\"https:\\\/\\\/schema.org\",\"@graph\":[{\"@type\":\"WebPage\",\"@id\":\"https:\\\/\\\/ares-formation.com\\\/index.php\\\/qui-suis-je\\\/\",\"url\":\"https:\\\/\\\/ares-formation.com\\\/index.php\\\/qui-suis-je\\\/\",\"name\":\"Qui suis-je ? - AR\u00c8S FORMATION\",\"isPartOf\":{\"@id\":\"https:\\\/\\\/ares-formation.com\\\/#website\"},\"primaryImageOfPage\":{\"@id\":\"https:\\\/\\\/ares-formation.com\\\/index.php\\\/qui-suis-je\\\/#primaryimage\"},\"image\":{\"@id\":\"https:\\\/\\\/ares-formation.com\\\/index.php\\\/qui-suis-je\\\/#primaryimage\"},\"thumbnailUrl\":\"https:\\\/\\\/ares-formation.com\\\/wp-content\\\/uploads\\\/2023\\\/05\\\/photo-accueil-zoomee.png\",\"datePublished\":\"2023-06-15T12:51:10+00:00\",\"dateModified\":\"2024-09-10T12:03:25+00:00\",\"breadcrumb\":{\"@id\":\"https:\\\/\\\/ares-formation.com\\\/index.php\\\/qui-suis-je\\\/#breadcrumb\"},\"inLanguage\":\"fr-FR\",\"potentialAction\":[{\"@type\":\"ReadAction\",\"target\":[\"https:\\\/\\\/ares-formation.com\\\/index.php\\\/qui-suis-je\\\/\"]}]},{\"@type\":\"ImageObject\",\"inLanguage\":\"fr-FR\",\"@id\":\"https:\\\/\\\/ares-formation.com\\\/index.php\\\/qui-suis-je\\\/#primaryimage\",\"url\":\"https:\\\/\\\/i0.wp.com\\\/ares-formation.com\\\/wp-content\\\/uploads\\\/2023\\\/05\\\/photo-accueil-zoomee.png?fit=1414%2C1683&ssl=1\",\"contentUrl\":\"https:\\\/\\\/i0.wp.com\\\/ares-formation.com\\\/wp-content\\\/uploads\\\/2023\\\/05\\\/photo-accueil-zoomee.png?fit=1414%2C1683&ssl=1\",\"width\":1414,\"height\":1683},{\"@type\":\"BreadcrumbList\",\"@id\":\"https:\\\/\\\/ares-formation.com\\\/index.php\\\/qui-suis-je\\\/#breadcrumb\",\"itemListElement\":[{\"@type\":\"ListItem\",\"position\":1,\"name\":\"Accueil\",\"item\":\"https:\\\/\\\/ares-formation.com\\\/\"},{\"@type\":\"ListItem\",\"position\":2,\"name\":\"Qui suis-je ?\"}]},{\"@type\":\"WebSite\",\"@id\":\"https:\\\/\\\/ares-formation.com\\\/#website\",\"url\":\"https:\\\/\\\/ares-formation.com\\\/\",\"name\":\"AR\u00c8S FORMATION\",\"description\":\"Plateforme de coaching DEC 100% en ligne.\",\"publisher\":{\"@id\":\"https:\\\/\\\/ares-formation.com\\\/#organization\"},\"potentialAction\":[{\"@type\":\"SearchAction\",\"target\":{\"@type\":\"EntryPoint\",\"urlTemplate\":\"https:\\\/\\\/ares-formation.com\\\/?s={search_term_string}\"},\"query-input\":{\"@type\":\"PropertyValueSpecification\",\"valueRequired\":true,\"valueName\":\"search_term_string\"}}],\"inLanguage\":\"fr-FR\"},{\"@type\":\"Organization\",\"@id\":\"https:\\\/\\\/ares-formation.com\\\/#organization\",\"name\":\"AR\u00c8S FORMATION\",\"url\":\"https:\\\/\\\/ares-formation.com\\\/\",\"logo\":{\"@type\":\"ImageObject\",\"inLanguage\":\"fr-FR\",\"@id\":\"https:\\\/\\\/ares-formation.com\\\/#\\\/schema\\\/logo\\\/image\\\/\",\"url\":\"https:\\\/\\\/i0.wp.com\\\/ares-formation.com\\\/wp-content\\\/uploads\\\/2022\\\/07\\\/cropped-Logo-cheval-uniquement-1.png?fit=500%2C500&ssl=1\",\"contentUrl\":\"https:\\\/\\\/i0.wp.com\\\/ares-formation.com\\\/wp-content\\\/uploads\\\/2022\\\/07\\\/cropped-Logo-cheval-uniquement-1.png?fit=500%2C500&ssl=1\",\"width\":500,\"height\":500,\"caption\":\"AR\u00c8S FORMATION\"},\"image\":{\"@id\":\"https:\\\/\\\/ares-formation.com\\\/#\\\/schema\\\/logo\\\/image\\\/\"},\"sameAs\":[\"https:\\\/\\\/www.facebook.com\\\/ARS-Formation-120328344395623\"]}]}<\/script>\n<!-- \/ Yoast SEO plugin. -->","yoast_head_json":{"title":"Qui suis-je ? - AR\u00c8S FORMATION","robots":{"index":"index","follow":"follow","max-snippet":"max-snippet:-1","max-image-preview":"max-image-preview:large","max-video-preview":"max-video-preview:-1"},"canonical":"https:\/\/ares-formation.com\/index.php\/qui-suis-je\/","og_locale":"fr_FR","og_type":"article","og_title":"Qui suis-je ? - AR\u00c8S FORMATION","og_description":"Qui suis-je ? Expert-comptable \/ commissaire aux comptes dipl\u00f4m\u00e9e, je dirige d\u00e9sormais le cabinet AR\u00c8S CONSEIL (cabinet sp\u00e9cialis\u00e9 en \u00e9valuation d\u2019entreprise et conseils aux dirigeants) aux c\u00f4t\u00e9s de Rodolphe Rivayran \u00e9galement dipl\u00f4m\u00e9 d&rsquo;expertise-comptable. Ancienne auditrice financi\u00e8re et l\u00e9gale dans un cabinet r\u00e9gional j&rsquo;ai enseign\u00e9 le commissariat aux comptes et l\u2019audit (DSCG) en \u00e9cole de commerceLire la suite","og_url":"https:\/\/ares-formation.com\/index.php\/qui-suis-je\/","og_site_name":"AR\u00c8S FORMATION","article_publisher":"https:\/\/www.facebook.com\/ARS-Formation-120328344395623","article_modified_time":"2024-09-10T12:03:25+00:00","og_image":[{"url":"https:\/\/ares-formation.com\/wp-content\/uploads\/2023\/05\/photo-accueil-zoomee.png","type":"","width":"","height":""}],"twitter_card":"summary_large_image","twitter_misc":{"Dur\u00e9e de lecture estim\u00e9e":"2 minutes"},"schema":{"@context":"https:\/\/schema.org","@graph":[{"@type":"WebPage","@id":"https:\/\/ares-formation.com\/index.php\/qui-suis-je\/","url":"https:\/\/ares-formation.com\/index.php\/qui-suis-je\/","name":"Qui suis-je ? - AR\u00c8S FORMATION","isPartOf":{"@id":"https:\/\/ares-formation.com\/#website"},"primaryImageOfPage":{"@id":"https:\/\/ares-formation.com\/index.php\/qui-suis-je\/#primaryimage"},"image":{"@id":"https:\/\/ares-formation.com\/index.php\/qui-suis-je\/#primaryimage"},"thumbnailUrl":"https:\/\/ares-formation.com\/wp-content\/uploads\/2023\/05\/photo-accueil-zoomee.png","datePublished":"2023-06-15T12:51:10+00:00","dateModified":"2024-09-10T12:03:25+00:00","breadcrumb":{"@id":"https:\/\/ares-formation.com\/index.php\/qui-suis-je\/#breadcrumb"},"inLanguage":"fr-FR","potentialAction":[{"@type":"ReadAction","target":["https:\/\/ares-formation.com\/index.php\/qui-suis-je\/"]}]},{"@type":"ImageObject","inLanguage":"fr-FR","@id":"https:\/\/ares-formation.com\/index.php\/qui-suis-je\/#primaryimage","url":"https:\/\/i0.wp.com\/ares-formation.com\/wp-content\/uploads\/2023\/05\/photo-accueil-zoomee.png?fit=1414%2C1683&ssl=1","contentUrl":"https:\/\/i0.wp.com\/ares-formation.com\/wp-content\/uploads\/2023\/05\/photo-accueil-zoomee.png?fit=1414%2C1683&ssl=1","width":1414,"height":1683},{"@type":"BreadcrumbList","@id":"https:\/\/ares-formation.com\/index.php\/qui-suis-je\/#breadcrumb","itemListElement":[{"@type":"ListItem","position":1,"name":"Accueil","item":"https:\/\/ares-formation.com\/"},{"@type":"ListItem","position":2,"name":"Qui suis-je ?"}]},{"@type":"WebSite","@id":"https:\/\/ares-formation.com\/#website","url":"https:\/\/ares-formation.com\/","name":"AR\u00c8S FORMATION","description":"Plateforme de coaching DEC 100% en ligne.","publisher":{"@id":"https:\/\/ares-formation.com\/#organization"},"potentialAction":[{"@type":"SearchAction","target":{"@type":"EntryPoint","urlTemplate":"https:\/\/ares-formation.com\/?s={search_term_string}"},"query-input":{"@type":"PropertyValueSpecification","valueRequired":true,"valueName":"search_term_string"}}],"inLanguage":"fr-FR"},{"@type":"Organization","@id":"https:\/\/ares-formation.com\/#organization","name":"AR\u00c8S FORMATION","url":"https:\/\/ares-formation.com\/","logo":{"@type":"ImageObject","inLanguage":"fr-FR","@id":"https:\/\/ares-formation.com\/#\/schema\/logo\/image\/","url":"https:\/\/i0.wp.com\/ares-formation.com\/wp-content\/uploads\/2022\/07\/cropped-Logo-cheval-uniquement-1.png?fit=500%2C500&ssl=1","contentUrl":"https:\/\/i0.wp.com\/ares-formation.com\/wp-content\/uploads\/2022\/07\/cropped-Logo-cheval-uniquement-1.png?fit=500%2C500&ssl=1","width":500,"height":500,"caption":"AR\u00c8S FORMATION"},"image":{"@id":"https:\/\/ares-formation.com\/#\/schema\/logo\/image\/"},"sameAs":["https:\/\/www.facebook.com\/ARS-Formation-120328344395623"]}]}},"jetpack-related-posts":[{"id":1474,"url":"https:\/\/ares-formation.com\/","url_meta":{"origin":4313,"position":0},"title":"Accueil","author":"admin9160","date":"31 juillet 2022","format":false,"excerpt":"COACHING DEC 100% EN LIGNE Pr\u00e9pare le DEC sans contrainte gr\u00e2ce \u00e0 des vid\u00e9os de coaching au format court, des permanences tous les mois, des lives et une newsletter.Besoin de plus ? R\u00e9serve une s\u00e9ance de coaching individuel ou une relecture notice \/ m\u00e9moire. Le DEC... Le DEC est particuli\u00e8rement\u2026","rel":"","context":"Article similaire","block_context":{"text":"Article similaire","link":""},"img":{"alt_text":"","src":"","width":0,"height":0},"classes":[]},{"id":5,"url":"https:\/\/ares-formation.com\/index.php\/membership-join\/","url_meta":{"origin":4313,"position":1},"title":"Tarifs","author":"admin9160","date":"10 juillet 2022","format":false,"excerpt":"L' abonnement \u00e0 la plateforme Les prestations sont \u00e9ligibles au financement\u00a0CPF et OPCO. Contacte-moi pour les modalit\u00e9s de paiement.Cabinets d'expertise-comptable ? Contactez-moi pour les offres multi-licences.\u00a0 Me contacter pour un financement CPF \/ OPCO Abonnement annuel 49 90 \/ mois \u20ac Engagement minimum 12 mois Abonnement semestriel 69 90 \/\u2026","rel":"","context":"Article similaire","block_context":{"text":"Article similaire","link":""},"img":{"alt_text":"","src":"","width":0,"height":0},"classes":[]},{"id":2565,"url":"https:\/\/ares-formation.com\/index.php\/lives\/","url_meta":{"origin":4313,"position":2},"title":"Lives &#038; Replays","author":"admin9160","date":"17 mars 2023","format":false,"excerpt":"Lives experts \u00a0J'organise r\u00e9guli\u00e8rement des lives sur des th\u00e8mes autour de l'expertise comptable, anim\u00e9 par des experts.Ouverts \u00e0 tous.Prochains lives \u00e0 venir... Lives DEC \u00a0J'organise r\u00e9guli\u00e8rement des lives sur des th\u00e8mes du DEC (sujet, notice, m\u00e9moire, soutenance, \u00e9crits). Depuis le 01\/01\/2025 les lives sont r\u00e9serv\u00e9s aux abonn\u00e9s de la plateforme\u2026","rel":"","context":"Article similaire","block_context":{"text":"Article similaire","link":""},"img":{"alt_text":"","src":"","width":0,"height":0},"classes":[]},{"id":54,"url":"https:\/\/ares-formation.com\/index.php\/revision-legale\/","url_meta":{"origin":4313,"position":3},"title":"R\u00e9vision l\u00e9gale","author":"admin9160","date":"13 juillet 2022","format":false,"excerpt":"Coaching vid\u00e9o INTRODUCTION https:\/\/videos.files.wordpress.com\/zW4dH9fe\/compressed-r1-revision-intro.mp4Je t'indique tout ce qu'il est important que tu saches avant de te lancer dans la pr\u00e9paration de l'\u00e9preuve de r\u00e9vision l\u00e9gale et contractuelle. CONSTITUER UNE BONNE DOC' https:\/\/videos.files.wordpress.com\/8wBMkhsK\/compressed-r2-revision-presentation.mp4Je te donne mes conseils sur la pr\u00e9paration de ta documentation, \u00e0 la fois en expertise comptable mais \u00e9galement\u2026","rel":"","context":"Article similaire","block_context":{"text":"Article similaire","link":""},"img":{"alt_text":"","src":"","width":0,"height":0},"classes":[]},{"id":2901,"url":"https:\/\/ares-formation.com\/index.php\/conditions-generales-de-ventes\/","url_meta":{"origin":4313,"position":4},"title":"Conditions G\u00e9n\u00e9rales de Ventes et Certificat QUALIOPI","author":"admin9160","date":"11 mai 2023","format":false,"excerpt":"Certificat QUALIOPI valide jusqu'au 08\/12\/2023 Certificat QUALIOPI valide jusqu'au 07\/12\/2026 ARTICLE 1 - PRESENTATION D\u2019AR\u00c8S FORMATION\u00a0 1.1 La soci\u00e9t\u00e9 AR\u00c8S CONSEIL, Soci\u00e9t\u00e9 par Actions Simplifi\u00e9e au capital de 1 000 \u20ac, ayant son si\u00e8ge social au 244 Route de Seysses \u00e0 TOULOUSE (31100), immatricul\u00e9e aupr\u00e8s du RCS de TOULOUSE sous\u2026","rel":"","context":"Article similaire","block_context":{"text":"Article similaire","link":""},"img":{"alt_text":"","src":"","width":0,"height":0},"classes":[]},{"id":2918,"url":"https:\/\/ares-formation.com\/index.php\/mentions-legales\/","url_meta":{"origin":4313,"position":5},"title":"Mentions l\u00e9gales et r\u00e8glement int\u00e9rieur","author":"admin9160","date":"12 mai 2023","format":false,"excerpt":"R\u00e8glement int\u00e9rieur La soci\u00e9t\u00e9 AR\u00c8S CONSEIL, SARL au capital de 1 000 \u20ac, ayant son si\u00e8ge social au 244 Route de Seysses \u00e0 TOULOUSE (31100), immatricul\u00e9e aupr\u00e8s du RCS de TOULOUSE sous le n\u00b0 902 092 303, d\u00fbment repr\u00e9sent\u00e9e aux pr\u00e9sentes par son Directeur g\u00e9n\u00e9ral (ci-apr\u00e8s \u00ab AR\u00c8S FORMATION \u00bb),\u2026","rel":"","context":"Article similaire","block_context":{"text":"Article similaire","link":""},"img":{"alt_text":"","src":"","width":0,"height":0},"classes":[]}],"jetpack_sharing_enabled":true,"_links":{"self":[{"href":"https:\/\/ares-formation.com\/index.php\/wp-json\/wp\/v2\/pages\/4313","targetHints":{"allow":["GET"]}}],"collection":[{"href":"https:\/\/ares-formation.com\/index.php\/wp-json\/wp\/v2\/pages"}],"about":[{"href":"https:\/\/ares-formation.com\/index.php\/wp-json\/wp\/v2\/types\/page"}],"author":[{"embeddable":true,"href":"https:\/\/ares-formation.com\/index.php\/wp-json\/wp\/v2\/users\/1"}],"replies":[{"embeddable":true,"href":"https:\/\/ares-formation.com\/index.php\/wp-json\/wp\/v2\/comments?post=4313"}],"version-history":[{"count":25,"href":"https:\/\/ares-formation.com\/index.php\/wp-json\/wp\/v2\/pages\/4313\/revisions"}],"predecessor-version":[{"id":5314,"href":"https:\/\/ares-formation.com\/index.php\/wp-json\/wp\/v2\/pages\/4313\/revisions\/5314"}],"wp:attachment":[{"href":"https:\/\/ares-formation.com\/index.php\/wp-json\/wp\/v2\/media?parent=4313"}],"curies":[{"name":"wp","href":"https:\/\/api.w.org\/{rel}","templated":true}]}}